{"id":752,"date":"2020-08-19T11:06:20","date_gmt":"2020-08-19T14:06:20","guid":{"rendered":"http:\/\/ondawebhost3.com.br\/fetag\/?post_type=historia&#038;p=752"},"modified":"2021-01-08T11:08:11","modified_gmt":"2021-01-08T14:08:11","slug":"2011-a-2015-um-periodo-de-desafios","status":"publish","type":"historia","link":"https:\/\/www.fetagrs.org.br\/?historia=2011-a-2015-um-periodo-de-desafios","title":{"rendered":"2011 a 2015 \u2013 Um per\u00edodo de desafios"},"content":{"rendered":"<h3><strong>2011<\/strong><\/h3>\n<p>Em 2011 inicia uma nova gest\u00e3o na diretoria da FETAG-RS. A realiza\u00e7\u00e3o do 10\u00ba Congresso Estadual dos Trabalhadores e das Trabalhadoras Rurais que tinha como lema \u201cRumo aos 50 anos\u201d trouxe para o debate temas importantes para o futuro do Movimento Sindical.<\/p>\n<p>Internamente, a FETAG-RS desenvolveu a Campanha de Fortalecimento da Contribui\u00e7\u00e3o Sindical para al\u00e9m de fortalecer a sustentabilidade financeira, tamb\u00e9m divulgar a import\u00e2ncia da categoria para o desenvolvimento social.<\/p>\n<p>A FETAG neste ano \u00e9 protagonista de fortes a\u00e7\u00f5es sobre o Novo C\u00f3digo Florestal, com semin\u00e1rios, reuni\u00e3o com parlamentares e a entrega abaixo-assinado ao Presidente da C\u00e2mara em apoio \u00e0 altera\u00e7\u00e3o do C\u00f3digo Florestal.<\/p>\n<p>As mulheres trabalhadoras rurais mais uma vez marcharam \u00e0 Bras\u00edlia para compor a Marcha das Margaridas organizada pela CONTAG, onde mais de 100 mil mulheres estiveram presentes.<\/p>\n<p>E as mobiliza\u00e7\u00f5es se espalham pelo estado, a exemplo do 1\u00ba Grito de Alerta Missioneiro, organizado pela FETAG-RS e Regional Miss\u00f5es II, com apoio das Regionais Miss\u00f5es I, Santa Rosa e Iju\u00ed. Mais de 5 mil agricultores estivem reunidos em S\u00e3o Luiz Gonzaga. Continuando os atos mobilizat\u00f3rios, a FETAG atuou na defesa dos agricultores pela forte estiagem, ocupando o MDA e reivindicando a renegocia\u00e7\u00e3o dos financiamentos.<\/p>\n<p>Mobiliza\u00e7\u00f5es nas \u00e1reas do fumo, arroz e integrados tamb\u00e9m marcaram este ano dif\u00edcil para a agricultura familiar. A luta cont\u00ednua no caso \u201cDoux Frangosul\u201d em rela\u00e7\u00e3o aos atrasos dos pagamentos aos integrados de aves e su\u00ednos que j\u00e1 se arrastava desde 2009. Finalizando as mobiliza\u00e7\u00f5es, mais de 5 mil fumicultores se reuniram em Santa Cruz do Sul para reivindicar melhores pre\u00e7os ao produto.<\/p>\n<p>Outras a\u00e7\u00f5es tamb\u00e9m merecem destaque, como a participa\u00e7\u00e3o na COP-4 \u2013 Confer\u00eancia das Partes da Conven\u00e7\u00e3o Quadro para controle de Tabaco; o lan\u00e7amento pelo FETAG e Minist\u00e9rio da Sa\u00fade da ouvidoria do SUS e a determina\u00e7\u00e3o judicial pela suspens\u00e3o na cobran\u00e7a dos Royalties da soja.<\/p>\n<h3><strong>2012<\/strong><\/h3>\n<p>O ano de 2012 foi marcado pela comemora\u00e7\u00e3o de 10 anos da Cooperativa Habitacional da Agricultura Familiar (COOHAF), que durante este per\u00edodo beneficiou mais de 11 fam\u00edlias. Para celebrar a data, a Cooperativa promoveu o Encontro Estadual dos Benefici\u00e1rios da Habita\u00e7\u00e3o Rural.<\/p>\n<p>Neste mesmo ano a FETAG-RS realiza O Encontro Estadual de Forma\u00e7\u00e3o Sindical, evento que teve por objetivo realizar um processo avaliativo da forma\u00e7\u00e3o do Movimento Sindical dos Trabalhadores e das Trabalhadoras Rurais (MSTTR) para subsidiar a constru\u00e7\u00e3o e articula\u00e7\u00e3o das a\u00e7\u00f5es de forma\u00e7\u00e3o no Rio Grande do Sul \u00e0 luz da Pol\u00edtica Nacional de Forma\u00e7\u00e3o e do Programa Alternativo de Desenvolvimento Rural Sustent\u00e1vel e Solid\u00e1rio \u2013 PADRSS.<\/p>\n<p>Pensando no bem-estar dos aposentados rurais, a FETAG-RS realizou uma Audi\u00eancia p\u00fablica na sede da Federa\u00e7\u00e3o para discutir a gratuidade e o desconto na passagem de idosos no transporte intermunicipal no Estado.<\/p>\n<h3><strong>2013<\/strong><\/h3>\n<p>O cinquenten\u00e1rio da FETAG-RS \u00e9 comemorado em 2013, ano que em a safra de gr\u00e3os se destacou pela boa produtividade e pelos pre\u00e7os aquecidos dos principais produtos agr\u00edcolas. A pecu\u00e1ria de leite e corte tamb\u00e9m apresentaram n\u00fameros positivos.<\/p>\n<p>Para fortalecer a pol\u00edtica da agroecologia o governo federal lan\u00e7ou o Planapo \u2013 Pol\u00edtica Nacional de Agroecologia e Produ\u00e7\u00e3o Org\u00e2nica.<\/p>\n<p>Ainda em 2013, o Minist\u00e9rio do Meio Ambiente esteve na FETAG-RS, em solenidade oficial, lan\u00e7ando o Cadastro Ambiental Rural \u2013 CAR. Na oportunidade a Ministra Izabella Teixeira fez o ato de lan\u00e7amento nacional do cadastro, que pode ser considerado como a terceira etapa de complementa\u00e7\u00e3o do Novo C\u00f3digo Florestal, que compreende a regulariza\u00e7\u00e3o das propriedades da agricultura familiar frente \u00e0 legisla\u00e7\u00e3o ambiental.<\/p>\n<p>Na \u00e1rea jur\u00eddica, a FETAG-RS ajuizou uma a\u00e7\u00e3o contra a Monsanto para que deixasse de ser exigido do agricultor assinatura em Acordo de Licenciamento de Tecnologia e Quita\u00e7\u00e3o Geral. O pedido da federa\u00e7\u00e3o foi atendido pela 16\u00aa Vara C\u00edvil de Porto Alegre.<\/p>\n<p>Em 2013 a Cooperativa Habitacional da Agricultura Familiar \u2013 COOHAF, alcan\u00e7ou o n\u00famero de 1.869 contratos assinados para a constru\u00e7\u00e3o de novas moradias e reformas.<\/p>\n<p>O programa Bolsa Jovem Rural \u00e9 aprovado como lei na Assembleia Legislativa e garante o atendimento das demandas da federa\u00e7\u00e3o, pois possibilita beneficiar aproximadamente 300 jovens agricultores.<\/p>\n<h3><strong>2014<\/strong><\/h3>\n<p>Declarado pela ONU o Ano Internacional da Agricultura Familiar, momento em que o mundo parou para olhar a agricultura familiar com mais aten\u00e7\u00e3o e cuidado. Para fortalecer as a\u00e7\u00f5es do MSTTR, o Movimento se desafiou e lan\u00e7ou o Projeto Pol\u00edtico para eleger Elton Weber como Deputado Estadual e Heitor Schuch como Deputado Federal. O MSTTR obteve \u00eaxito em sua dobradinha.<\/p>\n<p>A \u00e1rea da forma\u00e7\u00e3o esteve muito movimentada com a realiza\u00e7\u00e3o de cursos regionais de lideran\u00e7as e dirigentes sindicais, o ENFOC Estadual e Nacional, o ERESFOR, o ENAFOR, entre outros.<\/p>\n<p>E 2014 foi um ano de muitas manifesta\u00e7\u00f5es, reivindica\u00e7\u00f5es e pouco se andou em melhorias no programa de Habita\u00e7\u00e3o Rural, com muitos an\u00fancios por parte do governo mas pouca a\u00e7\u00e3o efetiva de libera\u00e7\u00e3o para contrata\u00e7\u00e3o de propostas.<\/p>\n<p>O Grande marco da juventude rural foi a realiza\u00e7\u00e3o do 5\u00ba Congresso Estadual da Juventude Trabalhadora Rural, que teve como tema central \u201cAgricultura Familiar: Um modo de vida\u201d, que reuniu aproximadamente 700 jovens.<\/p>\n<p>A luta marcante foi a implanta\u00e7\u00e3o do Projeto Sa\u00fade na Pele (Protetor Solar), projeto de autoria do Dep. Heitor Schuch. Esta a\u00e7\u00e3o tem como objetivo conscientizar os agricultores para o uso cont\u00ednuo do protetor solar, uma vez que este p\u00fablico est\u00e1 exposto continuadamente ao sol.<\/p>\n<p>As mobiliza\u00e7\u00f5es que marcaram 2014 foram o 4\u00aa Grito de Alerta Miss\u00f5es Fronteira Noroeste que reuniu 6 mil agricultores e para dialogar sobre o desenvolvimento sustent\u00e1vel, seguran\u00e7a alimentar e produ\u00e7\u00e3o de alimentos saud\u00e1veis. O Grito da Terra Estadual tamb\u00e9m foi um ato forte em busca do fortalecimento da identidade e cultura que fazem da agricultura familiar patrim\u00f4nio da humanidade.<\/p>\n<p>Tema de grande debate foi a venda fracionada de combust\u00edveis, que depois de muita luta e press\u00e3o FETAG consegue prorrogar a resolu\u00e7\u00e3o sobre a venda fracionada de combust\u00edveis, pois os agricultores teriam muitas dificuldades em atender \u00e0s exig\u00eancias, que determinavam uso exclusivo de gal\u00f5es certificados pelo Inmetro para a compra de combust\u00edveis nos postos de gasolina.<\/p>\n<p>A Educa\u00e7\u00e3o do Campo tamb\u00e9m foi tema de debate do Movimento Sindical, quando com grandes agendas em defesa do fortalecimento da educa\u00e7\u00e3o do campo foram pautadas e culminaram na realiza\u00e7\u00e3o do Semin\u00e1rio de Educa\u00e7\u00e3o do Campo \u2013 Sifedoc, em parceria com universidades e outros movimentos sociais, realizado em Santa Maria.<\/p>\n<p>Sempre na busca pela melhoria da qualidade de vida dos agricultores e pecuaristas familiares, a FETAG-RS realizou o Semin\u00e1rio sobre Reforma Agr\u00e1ria, para debater o envolvimento do Movimento Sindical dos Trabalhadores e das Trabalhadoras Rurais na reforma agr\u00e1ria, al\u00e9m de construir metas e a\u00e7\u00f5es para a efetiva\u00e7\u00e3o de assentamentos de agricultores familiares. O evento foi destinado a integrantes do movimento sindical, assessores, coordenadores das regionais, dirigentes e lideran\u00e7as sindicais.<\/p>\n<h3><strong>2015<\/strong><\/h3>\n<p>Em 2015 a COOHAF continuava a enfrentar dificuldades na contrata\u00e7\u00e3o de novas propostas habitacionais, foi quando surgiu a possibilidade de trabalhar em uma nova frente, com o projeto de cunho socioambiental: os biodigestores. Em parceria com s Secretaria de Desenvolvimento Rural foram viabilizados cerca de 100 projetos, destinando mais de R$ 500.000,00.<\/p>\n<p>O movimento sindical do RS e do Brasil passa por mudan\u00e7as na sua estrutura, com a Funda\u00e7\u00e3o da FETAR e CONTAR em 2015. quando coincidentemente ou n\u00e3o, oito Sindicatos se reuniram para fundar a Federa\u00e7\u00e3o dos Trabalhadores(as) Assalariados Rurais no Rio Grande do Sul \u2013 FETAR.<\/p>\n<p>Neste mesmo ano, acontece o Grito da Terra Brasil, em Porto Alegre, reunindo mais de 3 mil agricultores familiares em defesa da sa\u00fade e garantia de recursos para os hospitais. Atenta a crise da sa\u00fade no RS, FETAG-RS e Sindicatos organizam v\u00e1rias manifesta\u00e7\u00f5es em defesa dos hospitais. Outro tema de destaque da mobiliza\u00e7\u00e3o foi a valoriza\u00e7\u00e3o da agricultura familiar, com a exposi\u00e7\u00e3o de produtos no centro de porto alegre.<\/p>\n<p>O cen\u00e1rio da cadeia produtiva do leite trouxe in\u00fameros desafios, pois o excesso de oferta advinda de 2014, as opera\u00e7\u00f5es de \u201cleite compensado\u201d e elimina\u00e7\u00e3o de intermedi\u00e1rios mudaram as rela\u00e7\u00f5es, sem contar na fal\u00eancia de muitas ind\u00fastrias do setor.<\/p>\n<p>Aliviando um pouco a tens\u00e3o dos agricultores, em 2015 foi sancionada o fim da exig\u00eancia do emplacamento de tratores, registros simplificados para os mesmos e a habilita\u00e7\u00e3o para dirigir a m\u00e1quina com carteira B.<\/p>\n<p>Na representa\u00e7\u00e3o da pessoa idosa no estado, em 2015 a FETAG-RS passa a integrar o Conselho Estadual da Pessoa Idosa, espa\u00e7o importante de constru\u00e7\u00e3o de pol\u00edticas p\u00fablicas e debates pertinentes. E as mulheres trabalhadoras rurais conquistaram uma cadeira como membro do Conselho Estadual da Mulher.<\/p>\n","protected":false},"featured_media":0,"template":"","meta":{"_links_to":"","_links_to_target":""},"class_list":["post-752","historia","type-historia","status-publish","hentry"],"yoast_head":"<!-- This site is optimized with the Yoast SEO plugin v26.8 - https:\/\/yoast.com\/product\/yoast-seo-wordpress\/ -->\n<title>2011 a 2015 \u2013 Um per\u00edodo de desafios - FETAG-RS<\/title>\n<meta name=\"robots\" content=\"index, follow, max-snippet:-1, max-image-preview:large, max-video-preview:-1\" \/>\n<link rel=\"canonical\" href=\"https:\/\/www.fetagrs.org.br\/?historia=2011-a-2015-um-periodo-de-desafios\" \/>\n<meta property=\"og:locale\" content=\"pt_BR\" \/>\n<meta property=\"og:type\" content=\"article\" \/>\n<meta property=\"og:title\" content=\"2011 a 2015 \u2013 Um per\u00edodo de desafios - FETAG-RS\" \/>\n<meta property=\"og:description\" content=\"2011 Em 2011 inicia uma nova gest\u00e3o na diretoria da FETAG-RS. A realiza\u00e7\u00e3o do 10\u00ba Congresso Estadual dos Trabalhadores e das Trabalhadoras Rurais que tinha como lema \u201cRumo aos 50 anos\u201d trouxe para o debate temas importantes para o futuro do Movimento Sindical. Internamente, a FETAG-RS desenvolveu a Campanha de Fortalecimento da Contribui\u00e7\u00e3o Sindical para... Leia mais &raquo;\" \/>\n<meta property=\"og:url\" content=\"https:\/\/www.fetagrs.org.br\/?historia=2011-a-2015-um-periodo-de-desafios\" \/>\n<meta property=\"og:site_name\" content=\"FETAG-RS\" \/>\n<meta property=\"article:publisher\" content=\"https:\/\/www.facebook.com\/fetagrs\" \/>\n<meta property=\"article:modified_time\" content=\"2021-01-08T14:08:11+00:00\" \/>\n<meta name=\"twitter:card\" content=\"summary_large_image\" \/>\n<script type=\"application\/ld+json\" class=\"yoast-schema-graph\">{\"@context\":\"https:\/\/schema.org\",\"@graph\":[{\"@type\":\"WebPage\",\"@id\":\"https:\/\/www.fetagrs.org.br\/?historia=2011-a-2015-um-periodo-de-desafios\",\"url\":\"https:\/\/www.fetagrs.org.br\/?historia=2011-a-2015-um-periodo-de-desafios\",\"name\":\"2011 a 2015 \u2013 Um per\u00edodo de desafios - FETAG-RS\",\"isPartOf\":{\"@id\":\"https:\/\/www.fetagrs.org.br\/#website\"},\"datePublished\":\"2020-08-19T14:06:20+00:00\",\"dateModified\":\"2021-01-08T14:08:11+00:00\",\"breadcrumb\":{\"@id\":\"https:\/\/www.fetagrs.org.br\/?historia=2011-a-2015-um-periodo-de-desafios#breadcrumb\"},\"inLanguage\":\"pt-BR\",\"potentialAction\":[{\"@type\":\"ReadAction\",\"target\":[\"https:\/\/www.fetagrs.org.br\/?historia=2011-a-2015-um-periodo-de-desafios\"]}]},{\"@type\":\"BreadcrumbList\",\"@id\":\"https:\/\/www.fetagrs.org.br\/?historia=2011-a-2015-um-periodo-de-desafios#breadcrumb\",\"itemListElement\":[{\"@type\":\"ListItem\",\"position\":1,\"name\":\"In\u00edcio\",\"item\":\"https:\/\/www.fetagrs.org.br\/\"},{\"@type\":\"ListItem\",\"position\":2,\"name\":\"2011 a 2015 \u2013 Um per\u00edodo de desafios\"}]},{\"@type\":\"WebSite\",\"@id\":\"https:\/\/www.fetagrs.org.br\/#website\",\"url\":\"https:\/\/www.fetagrs.org.br\/\",\"name\":\"FETAG-RS\",\"description\":\"Federa\u00e7\u00e3o dos Trabalhadores na Agricultura no RS\",\"publisher\":{\"@id\":\"https:\/\/www.fetagrs.org.br\/#organization\"},\"potentialAction\":[{\"@type\":\"SearchAction\",\"target\":{\"@type\":\"EntryPoint\",\"urlTemplate\":\"https:\/\/www.fetagrs.org.br\/?s={search_term_string}\"},\"query-input\":{\"@type\":\"PropertyValueSpecification\",\"valueRequired\":true,\"valueName\":\"search_term_string\"}}],\"inLanguage\":\"pt-BR\"},{\"@type\":\"Organization\",\"@id\":\"https:\/\/www.fetagrs.org.br\/#organization\",\"name\":\"Federa\u00e7\u00e3o dos Trabalhadores na Agricultura no Rio Grande do Sul\",\"url\":\"https:\/\/www.fetagrs.org.br\/\",\"logo\":{\"@type\":\"ImageObject\",\"inLanguage\":\"pt-BR\",\"@id\":\"https:\/\/www.fetagrs.org.br\/#\/schema\/logo\/image\/\",\"url\":\"http:\/\/fetagrs.org.br\/wp-content\/uploads\/2020\/12\/FETAG-RS.jpg\",\"contentUrl\":\"http:\/\/fetagrs.org.br\/wp-content\/uploads\/2020\/12\/FETAG-RS.jpg\",\"width\":561,\"height\":598,\"caption\":\"Federa\u00e7\u00e3o dos Trabalhadores na Agricultura no Rio Grande do Sul\"},\"image\":{\"@id\":\"https:\/\/www.fetagrs.org.br\/#\/schema\/logo\/image\/\"},\"sameAs\":[\"https:\/\/www.facebook.com\/fetagrs\",\"https:\/\/www.instagram.com\/fetagrs\/\",\"https:\/\/www.youtube.com\/c\/TVFETAGRS\/featured\"]}]}<\/script>\n<!-- \/ Yoast SEO plugin. -->","yoast_head_json":{"title":"2011 a 2015 \u2013 Um per\u00edodo de desafios - FETAG-RS","robots":{"index":"index","follow":"follow","max-snippet":"max-snippet:-1","max-image-preview":"max-image-preview:large","max-video-preview":"max-video-preview:-1"},"canonical":"https:\/\/www.fetagrs.org.br\/?historia=2011-a-2015-um-periodo-de-desafios","og_locale":"pt_BR","og_type":"article","og_title":"2011 a 2015 \u2013 Um per\u00edodo de desafios - FETAG-RS","og_description":"2011 Em 2011 inicia uma nova gest\u00e3o na diretoria da FETAG-RS. A realiza\u00e7\u00e3o do 10\u00ba Congresso Estadual dos Trabalhadores e das Trabalhadoras Rurais que tinha como lema \u201cRumo aos 50 anos\u201d trouxe para o debate temas importantes para o futuro do Movimento Sindical. Internamente, a FETAG-RS desenvolveu a Campanha de Fortalecimento da Contribui\u00e7\u00e3o Sindical para... Leia mais &raquo;","og_url":"https:\/\/www.fetagrs.org.br\/?historia=2011-a-2015-um-periodo-de-desafios","og_site_name":"FETAG-RS","article_publisher":"https:\/\/www.facebook.com\/fetagrs","article_modified_time":"2021-01-08T14:08:11+00:00","twitter_card":"summary_large_image","schema":{"@context":"https:\/\/schema.org","@graph":[{"@type":"WebPage","@id":"https:\/\/www.fetagrs.org.br\/?historia=2011-a-2015-um-periodo-de-desafios","url":"https:\/\/www.fetagrs.org.br\/?historia=2011-a-2015-um-periodo-de-desafios","name":"2011 a 2015 \u2013 Um per\u00edodo de desafios - FETAG-RS","isPartOf":{"@id":"https:\/\/www.fetagrs.org.br\/#website"},"datePublished":"2020-08-19T14:06:20+00:00","dateModified":"2021-01-08T14:08:11+00:00","breadcrumb":{"@id":"https:\/\/www.fetagrs.org.br\/?historia=2011-a-2015-um-periodo-de-desafios#breadcrumb"},"inLanguage":"pt-BR","potentialAction":[{"@type":"ReadAction","target":["https:\/\/www.fetagrs.org.br\/?historia=2011-a-2015-um-periodo-de-desafios"]}]},{"@type":"BreadcrumbList","@id":"https:\/\/www.fetagrs.org.br\/?historia=2011-a-2015-um-periodo-de-desafios#breadcrumb","itemListElement":[{"@type":"ListItem","position":1,"name":"In\u00edcio","item":"https:\/\/www.fetagrs.org.br\/"},{"@type":"ListItem","position":2,"name":"2011 a 2015 \u2013 Um per\u00edodo de desafios"}]},{"@type":"WebSite","@id":"https:\/\/www.fetagrs.org.br\/#website","url":"https:\/\/www.fetagrs.org.br\/","name":"FETAG-RS","description":"Federa\u00e7\u00e3o dos Trabalhadores na Agricultura no RS","publisher":{"@id":"https:\/\/www.fetagrs.org.br\/#organization"},"potentialAction":[{"@type":"SearchAction","target":{"@type":"EntryPoint","urlTemplate":"https:\/\/www.fetagrs.org.br\/?s={search_term_string}"},"query-input":{"@type":"PropertyValueSpecification","valueRequired":true,"valueName":"search_term_string"}}],"inLanguage":"pt-BR"},{"@type":"Organization","@id":"https:\/\/www.fetagrs.org.br\/#organization","name":"Federa\u00e7\u00e3o dos Trabalhadores na Agricultura no Rio Grande do Sul","url":"https:\/\/www.fetagrs.org.br\/","logo":{"@type":"ImageObject","inLanguage":"pt-BR","@id":"https:\/\/www.fetagrs.org.br\/#\/schema\/logo\/image\/","url":"http:\/\/fetagrs.org.br\/wp-content\/uploads\/2020\/12\/FETAG-RS.jpg","contentUrl":"http:\/\/fetagrs.org.br\/wp-content\/uploads\/2020\/12\/FETAG-RS.jpg","width":561,"height":598,"caption":"Federa\u00e7\u00e3o dos Trabalhadores na Agricultura no Rio Grande do Sul"},"image":{"@id":"https:\/\/www.fetagrs.org.br\/#\/schema\/logo\/image\/"},"sameAs":["https:\/\/www.facebook.com\/fetagrs","https:\/\/www.instagram.com\/fetagrs\/","https:\/\/www.youtube.com\/c\/TVFETAGRS\/featured"]}]}},"_links":{"self":[{"href":"https:\/\/www.fetagrs.org.br\/index.php?rest_route=\/wp\/v2\/historia\/752","targetHints":{"allow":["GET"]}}],"collection":[{"href":"https:\/\/www.fetagrs.org.br\/index.php?rest_route=\/wp\/v2\/historia"}],"about":[{"href":"https:\/\/www.fetagrs.org.br\/index.php?rest_route=\/wp\/v2\/types\/historia"}],"wp:attachment":[{"href":"https:\/\/www.fetagrs.org.br\/index.php?rest_route=%2Fwp%2Fv2%2Fmedia&parent=752"}],"curies":[{"name":"wp","href":"https:\/\/api.w.org\/{rel}","templated":true}]}}