{"id":392,"date":"2020-09-19T09:26:35","date_gmt":"2020-09-19T12:26:35","guid":{"rendered":"http:\/\/ondawebhost3.com.br\/fetag\/?post_type=historia&#038;p=392"},"modified":"2021-01-08T11:06:04","modified_gmt":"2021-01-08T14:06:04","slug":"2004-2010-novos-espacos-e-avanco-nas-politicas-publicas","status":"publish","type":"historia","link":"https:\/\/www.fetagrs.org.br\/?historia=2004-2010-novos-espacos-e-avanco-nas-politicas-publicas","title":{"rendered":"2004 &#8211; 2010 \u2013 Novos espa\u00e7os e avan\u00e7o nas pol\u00edticas p\u00fablicas"},"content":{"rendered":"<p>Com a for\u00e7a da organiza\u00e7\u00e3o da juventude, o movimento sindical em 2004 articula o Programa Nacional de Cr\u00e9dito Fundi\u00e1rio, para a compra de terra para jovens.<\/p>\n<p>E como diretriz do Congresso, o movimento sindical se desafiou a aprofundar o debate sobre educa\u00e7\u00e3o do campo, e inicia em 2004 o trabalho com a pedagogia por altern\u00e2ncia, inaugurando as CFR &#8211; Casas Familiares Rurais.<\/p>\n<p>Ainda em 2004, a FETAG organiza dois grandes projetos de apoio ao movimento sindical, com a inaugura\u00e7\u00e3o do IFSIM \u2013 Instituto de Forma\u00e7\u00e3o Sindical Irm\u00e3o Miguel e cria\u00e7\u00e3o das assessorias regionais com o suporte financeiro do SENAR.<\/p>\n<p>Depois de muita press\u00e3o do MSTTR por pol\u00edticas de acesso \u00e0 terra, em 2004 inicia a execu\u00e7\u00e3o do PNCF &#8211; Programa Nacional de Cr\u00e9dito Fundi\u00e1rio reivindicado especialmente, pela juventude rural.<\/p>\n<p>O trabalho da Juventude Rural n\u00e3o parou, e em 2005 organizaram a 1\u00aa Marcha Estadual da Juventude Rural. Aliado a isso, o processo formativo de quadros foi intensificado com a prepara\u00e7\u00e3o de lideran\u00e7as.<br \/>\nE 2005 foi marcado por uma grave seca, foi quando, mais uma vez, o movimento sindical mostra sua for\u00e7a, realiza diversas mobiliza\u00e7\u00f5es e conquista o Proagro Mais, um programa respons\u00e1vel pela inje\u00e7\u00e3o de R$ 450 milh\u00f5es na agricultura familiar.<\/p>\n<p>2006 foi um ano marcado pelo Projeto de Promo\u00e7\u00e3o do Desenvolvimento Local e Economia Solid\u00e1ria, que contou com a participa\u00e7\u00e3o de 22 jovens agentes de desenvolvimento local e economia solidaria para estimular a organiza\u00e7\u00e3o e gera\u00e7\u00e3o de renda, acompanhando cerca de 67 empreendimentos e envolvendo mais de 3.000 agricultores familiares.<\/p>\n<p>Neste mesmo per\u00edodo a FETAG-RS auxilia na implementa\u00e7\u00e3o de mais duas Casas Familiares Rurais, em Santo Cristo e Tr\u00eas Passos<br \/>\nA FETAG preocupada com a sucess\u00e3o rural, em 2006 realiza uma pesquisa com a Univates e MDA para ouvir a realidade de 700 fam\u00edlias do Vale do Taquari. E neste mesmo ano o Programa de Garantia de Pre\u00e7os da Agricultura Familiar \u2013 PGPAF \u00e9 implementado, para garantir aos agricultores familiares a indexa\u00e7\u00e3o do financiamento a um pre\u00e7o de garantia igual ou pr\u00f3ximo do custo de produ\u00e7\u00e3o<br \/>\n&#8211; Fetag discute a import\u00e2ncia da Assist\u00eancia T\u00e9cnica e Extens\u00e3o Rural com participa\u00e7\u00e3o efetiva no Semin\u00e1rio Estadual de ATER<br \/>\nEm 2007 a FETAG-RS tamb\u00e9m se dedicou ao debate sobre a pecu\u00e1ria familiar, intensificando a\u00e7\u00f5es de melhoramento gen\u00e9tico e manejo nas propriedades. Ainda, o trabalho com assalariados rurais que acontece desde 1994, foi potencializado com as Conven\u00e7\u00f5es Coletivas de Trabalho.<br \/>\nOs 45 anos de fun\u00e7\u00e3o da FETAG-RS s\u00e3o comemorados em 2008, ano de muito trabalho e desafio. Ano em que Alberto Broch \u00e9 eleito presidente da CONTAG, o primeiro ga\u00facho a ocupar o cargo.<br \/>\nO tema da organiza\u00e7\u00e3o da produ\u00e7\u00e3o tamb\u00e9m foi amplamente discutido na federa\u00e7\u00e3o, e a realiza\u00e7\u00e3o do Semin\u00e1rio Estadual de Assist\u00eancia T\u00e9cnica\/Extens\u00e3o Rural trouxe a consolida\u00e7\u00e3o do debate sobre a atua\u00e7\u00e3o do Movimento Sindical, buscando atrav\u00e9s de projetos pilotos, a exemplo da Associa\u00e7\u00e3o Sep\u00e9 Tiaraju.<\/p>\n<p>Ano tamb\u00e9m de forte crise do pre\u00e7o do leite, com intensos debates, semin\u00e1rios e diversas mobiliza\u00e7\u00f5es, o segundo semestre de 2008 teve a retomada de pre\u00e7os gra\u00e7as ao trabalho da FETAG-RS e dos Sindicatos.<br \/>\nNeste mesmo ano acontece o 4\u00ba Grito da Terra Brasil em Bras\u00edlia com mais de 10 mil pessoas. Como principal resultado podemos citar a cria\u00e7\u00e3o do Pronaf Mais Alimento.<\/p>\n<p>2009 foi um ano de intensos desafios, entre eles os preju\u00edzos causados pelas intemp\u00e9ries clim\u00e1ticas, estiagem no primeiro semestre e intensas chuvas na segunda metade do ano.<\/p>\n<p>Neste ano tamb\u00e9m \u00e9 consolidado o projeto de vacina\u00e7\u00e3o contra a febre aftosa de forma gratuita para os agricultores e pecuaristas familiares, representando uma economia de cerca de R$ 11 milh\u00f5es.<br \/>\nUma importante conquista no ano de 2009 \u00e9 a san\u00e7\u00e3o da lei do Programa Nacional de Alimenta\u00e7\u00e3o Escolar \u2013 PNAE, que define a alimenta\u00e7\u00e3o escolar como um direito humano e incorpora dimens\u00f5es estrat\u00e9gica para a promo\u00e7\u00e3o da soberania e seguran\u00e7a alimentar, prevendo que no m\u00ednimo 30% dos recursos financeiros repassados pelo Fundo Nacional de Desenvolvimento da Educa\u00e7\u00e3o (FNDE) dever\u00e3o ser destinados a compra de produtos de agricultores familiares.<\/p>\n<p>Destacam-se tamb\u00e9m os n\u00fameros de contrata\u00e7\u00f5es atrav\u00e9s do PNCF, chegando a 1.887 fam\u00edlias beneficiadas com o programa de acesso \u00e0 terra, sendo que 48% destes projetos foram realizados pelos Sindicatos dos Trabalhadores Rurais.<\/p>\n<p>&#8211; Semin\u00e1rio Estadual de biocombust\u00edveis e seguem negocia\u00e7\u00f5es com a ind\u00fastria do Biodiesel<br \/>\nFortes chuvas e temporais marcam o ano de 2010, quando produtores de leite, fumo, pecu\u00e1ria, entre outras culturas foram duramente atingidos. Na \u00e1rea da previd\u00eancia, o ano de 2010 foi marcado pelo lan\u00e7amento oficial do Cadastro do Segurado Especial no estado.<\/p>\n<p>Ainda, \u00e9 importante destacar que em 2010 o Grito da Terra Brasil (estadual e federal) trouxe avan\u00e7o na valoriza\u00e7\u00e3o da agricultura, pecu\u00e1ria e na \u00e1rea dos assalariados rurais. Somado a isso, o MSTTR buscou organizar a sua base, realizando 23 semanas sindicais em 21 Regionais Sindicais, envolvendo cerca de 30 mil fam\u00edlias no processo formativo.<\/p>\n<p>Neste ano a Comiss\u00e3o Estadual de Mulheres Trabalhadoras Rurais em conjunto com a federa\u00e7\u00e3o, realizam o VII Encontro Estadual de Mulheres Dirigentes Sindicais. E a Juventude Rural realizou no mesmo ano, o II Festival Estadual da Juventude Trabalhadora Rural em Vera Cruz, evento que contou com a participa\u00e7\u00e3o de mais de 250 jovens, como tamb\u00e9m participou do 2\u00aa Festival Nacional da Juventude Trabalhadora Rural em Bras\u00edlia.<\/p>\n<p>A pecu\u00e1ria familiar em 2010 teve um avan\u00e7o positivo com a aprova\u00e7\u00e3o da lei N\u00ba 13.515 que instituiu o Programa Estadual de Desenvolvimento da Pecu\u00e1ria de Corte Familiar<br \/>\nO Departamento Jur\u00eddico da federa\u00e7\u00e3o atuou fortemente em a\u00e7\u00f5es contra a cobran\u00e7as indevidas dos Royalties da soja.<\/p>\n<p>Este ano tamb\u00e9m ficou marcado pela luta para prorroga\u00e7\u00e3o dos emplacamentos dos tratores agr\u00edcolas e a habilita\u00e7\u00e3o dos Sindicatos para a emiss\u00e3o do CCIR.<\/p>\n","protected":false},"featured_media":0,"template":"","meta":{"_links_to":"","_links_to_target":""},"class_list":["post-392","historia","type-historia","status-publish","hentry"],"yoast_head":"<!-- This site is optimized with the Yoast SEO plugin v26.8 - https:\/\/yoast.com\/product\/yoast-seo-wordpress\/ -->\n<title>2004 - 2010 \u2013 Novos espa\u00e7os e avan\u00e7o nas pol\u00edticas p\u00fablicas - FETAG-RS<\/title>\n<meta name=\"robots\" content=\"index, follow, max-snippet:-1, max-image-preview:large, max-video-preview:-1\" \/>\n<link rel=\"canonical\" href=\"https:\/\/www.fetagrs.org.br\/?historia=2004-2010-novos-espacos-e-avanco-nas-politicas-publicas\" \/>\n<meta property=\"og:locale\" content=\"pt_BR\" \/>\n<meta property=\"og:type\" content=\"article\" \/>\n<meta property=\"og:title\" content=\"2004 - 2010 \u2013 Novos espa\u00e7os e avan\u00e7o nas pol\u00edticas p\u00fablicas - FETAG-RS\" \/>\n<meta property=\"og:description\" content=\"Com a for\u00e7a da organiza\u00e7\u00e3o da juventude, o movimento sindical em 2004 articula o Programa Nacional de Cr\u00e9dito Fundi\u00e1rio, para a compra de terra para jovens. E como diretriz do Congresso, o movimento sindical se desafiou a aprofundar o debate sobre educa\u00e7\u00e3o do campo, e inicia em 2004 o trabalho com a pedagogia por altern\u00e2ncia,... Leia mais &raquo;\" \/>\n<meta property=\"og:url\" content=\"https:\/\/www.fetagrs.org.br\/?historia=2004-2010-novos-espacos-e-avanco-nas-politicas-publicas\" \/>\n<meta property=\"og:site_name\" content=\"FETAG-RS\" \/>\n<meta property=\"article:publisher\" content=\"https:\/\/www.facebook.com\/fetagrs\" \/>\n<meta property=\"article:modified_time\" content=\"2021-01-08T14:06:04+00:00\" \/>\n<meta name=\"twitter:card\" content=\"summary_large_image\" \/>\n<script type=\"application\/ld+json\" class=\"yoast-schema-graph\">{\"@context\":\"https:\/\/schema.org\",\"@graph\":[{\"@type\":\"WebPage\",\"@id\":\"https:\/\/www.fetagrs.org.br\/?historia=2004-2010-novos-espacos-e-avanco-nas-politicas-publicas\",\"url\":\"https:\/\/www.fetagrs.org.br\/?historia=2004-2010-novos-espacos-e-avanco-nas-politicas-publicas\",\"name\":\"2004 - 2010 \u2013 Novos espa\u00e7os e avan\u00e7o nas pol\u00edticas p\u00fablicas - FETAG-RS\",\"isPartOf\":{\"@id\":\"https:\/\/www.fetagrs.org.br\/#website\"},\"datePublished\":\"2020-09-19T12:26:35+00:00\",\"dateModified\":\"2021-01-08T14:06:04+00:00\",\"breadcrumb\":{\"@id\":\"https:\/\/www.fetagrs.org.br\/?historia=2004-2010-novos-espacos-e-avanco-nas-politicas-publicas#breadcrumb\"},\"inLanguage\":\"pt-BR\",\"potentialAction\":[{\"@type\":\"ReadAction\",\"target\":[\"https:\/\/www.fetagrs.org.br\/?historia=2004-2010-novos-espacos-e-avanco-nas-politicas-publicas\"]}]},{\"@type\":\"BreadcrumbList\",\"@id\":\"https:\/\/www.fetagrs.org.br\/?historia=2004-2010-novos-espacos-e-avanco-nas-politicas-publicas#breadcrumb\",\"itemListElement\":[{\"@type\":\"ListItem\",\"position\":1,\"name\":\"In\u00edcio\",\"item\":\"https:\/\/www.fetagrs.org.br\/\"},{\"@type\":\"ListItem\",\"position\":2,\"name\":\"2004 &#8211; 2010 \u2013 Novos espa\u00e7os e avan\u00e7o nas pol\u00edticas p\u00fablicas\"}]},{\"@type\":\"WebSite\",\"@id\":\"https:\/\/www.fetagrs.org.br\/#website\",\"url\":\"https:\/\/www.fetagrs.org.br\/\",\"name\":\"FETAG-RS\",\"description\":\"Federa\u00e7\u00e3o dos Trabalhadores na Agricultura no RS\",\"publisher\":{\"@id\":\"https:\/\/www.fetagrs.org.br\/#organization\"},\"potentialAction\":[{\"@type\":\"SearchAction\",\"target\":{\"@type\":\"EntryPoint\",\"urlTemplate\":\"https:\/\/www.fetagrs.org.br\/?s={search_term_string}\"},\"query-input\":{\"@type\":\"PropertyValueSpecification\",\"valueRequired\":true,\"valueName\":\"search_term_string\"}}],\"inLanguage\":\"pt-BR\"},{\"@type\":\"Organization\",\"@id\":\"https:\/\/www.fetagrs.org.br\/#organization\",\"name\":\"Federa\u00e7\u00e3o dos Trabalhadores na Agricultura no Rio Grande do Sul\",\"url\":\"https:\/\/www.fetagrs.org.br\/\",\"logo\":{\"@type\":\"ImageObject\",\"inLanguage\":\"pt-BR\",\"@id\":\"https:\/\/www.fetagrs.org.br\/#\/schema\/logo\/image\/\",\"url\":\"http:\/\/fetagrs.org.br\/wp-content\/uploads\/2020\/12\/FETAG-RS.jpg\",\"contentUrl\":\"http:\/\/fetagrs.org.br\/wp-content\/uploads\/2020\/12\/FETAG-RS.jpg\",\"width\":561,\"height\":598,\"caption\":\"Federa\u00e7\u00e3o dos Trabalhadores na Agricultura no Rio Grande do Sul\"},\"image\":{\"@id\":\"https:\/\/www.fetagrs.org.br\/#\/schema\/logo\/image\/\"},\"sameAs\":[\"https:\/\/www.facebook.com\/fetagrs\",\"https:\/\/www.instagram.com\/fetagrs\/\",\"https:\/\/www.youtube.com\/c\/TVFETAGRS\/featured\"]}]}<\/script>\n<!-- \/ Yoast SEO plugin. -->","yoast_head_json":{"title":"2004 - 2010 \u2013 Novos espa\u00e7os e avan\u00e7o nas pol\u00edticas p\u00fablicas - FETAG-RS","robots":{"index":"index","follow":"follow","max-snippet":"max-snippet:-1","max-image-preview":"max-image-preview:large","max-video-preview":"max-video-preview:-1"},"canonical":"https:\/\/www.fetagrs.org.br\/?historia=2004-2010-novos-espacos-e-avanco-nas-politicas-publicas","og_locale":"pt_BR","og_type":"article","og_title":"2004 - 2010 \u2013 Novos espa\u00e7os e avan\u00e7o nas pol\u00edticas p\u00fablicas - FETAG-RS","og_description":"Com a for\u00e7a da organiza\u00e7\u00e3o da juventude, o movimento sindical em 2004 articula o Programa Nacional de Cr\u00e9dito Fundi\u00e1rio, para a compra de terra para jovens. E como diretriz do Congresso, o movimento sindical se desafiou a aprofundar o debate sobre educa\u00e7\u00e3o do campo, e inicia em 2004 o trabalho com a pedagogia por altern\u00e2ncia,... Leia mais &raquo;","og_url":"https:\/\/www.fetagrs.org.br\/?historia=2004-2010-novos-espacos-e-avanco-nas-politicas-publicas","og_site_name":"FETAG-RS","article_publisher":"https:\/\/www.facebook.com\/fetagrs","article_modified_time":"2021-01-08T14:06:04+00:00","twitter_card":"summary_large_image","schema":{"@context":"https:\/\/schema.org","@graph":[{"@type":"WebPage","@id":"https:\/\/www.fetagrs.org.br\/?historia=2004-2010-novos-espacos-e-avanco-nas-politicas-publicas","url":"https:\/\/www.fetagrs.org.br\/?historia=2004-2010-novos-espacos-e-avanco-nas-politicas-publicas","name":"2004 - 2010 \u2013 Novos espa\u00e7os e avan\u00e7o nas pol\u00edticas p\u00fablicas - FETAG-RS","isPartOf":{"@id":"https:\/\/www.fetagrs.org.br\/#website"},"datePublished":"2020-09-19T12:26:35+00:00","dateModified":"2021-01-08T14:06:04+00:00","breadcrumb":{"@id":"https:\/\/www.fetagrs.org.br\/?historia=2004-2010-novos-espacos-e-avanco-nas-politicas-publicas#breadcrumb"},"inLanguage":"pt-BR","potentialAction":[{"@type":"ReadAction","target":["https:\/\/www.fetagrs.org.br\/?historia=2004-2010-novos-espacos-e-avanco-nas-politicas-publicas"]}]},{"@type":"BreadcrumbList","@id":"https:\/\/www.fetagrs.org.br\/?historia=2004-2010-novos-espacos-e-avanco-nas-politicas-publicas#breadcrumb","itemListElement":[{"@type":"ListItem","position":1,"name":"In\u00edcio","item":"https:\/\/www.fetagrs.org.br\/"},{"@type":"ListItem","position":2,"name":"2004 &#8211; 2010 \u2013 Novos espa\u00e7os e avan\u00e7o nas pol\u00edticas p\u00fablicas"}]},{"@type":"WebSite","@id":"https:\/\/www.fetagrs.org.br\/#website","url":"https:\/\/www.fetagrs.org.br\/","name":"FETAG-RS","description":"Federa\u00e7\u00e3o dos Trabalhadores na Agricultura no RS","publisher":{"@id":"https:\/\/www.fetagrs.org.br\/#organization"},"potentialAction":[{"@type":"SearchAction","target":{"@type":"EntryPoint","urlTemplate":"https:\/\/www.fetagrs.org.br\/?s={search_term_string}"},"query-input":{"@type":"PropertyValueSpecification","valueRequired":true,"valueName":"search_term_string"}}],"inLanguage":"pt-BR"},{"@type":"Organization","@id":"https:\/\/www.fetagrs.org.br\/#organization","name":"Federa\u00e7\u00e3o dos Trabalhadores na Agricultura no Rio Grande do Sul","url":"https:\/\/www.fetagrs.org.br\/","logo":{"@type":"ImageObject","inLanguage":"pt-BR","@id":"https:\/\/www.fetagrs.org.br\/#\/schema\/logo\/image\/","url":"http:\/\/fetagrs.org.br\/wp-content\/uploads\/2020\/12\/FETAG-RS.jpg","contentUrl":"http:\/\/fetagrs.org.br\/wp-content\/uploads\/2020\/12\/FETAG-RS.jpg","width":561,"height":598,"caption":"Federa\u00e7\u00e3o dos Trabalhadores na Agricultura no Rio Grande do Sul"},"image":{"@id":"https:\/\/www.fetagrs.org.br\/#\/schema\/logo\/image\/"},"sameAs":["https:\/\/www.facebook.com\/fetagrs","https:\/\/www.instagram.com\/fetagrs\/","https:\/\/www.youtube.com\/c\/TVFETAGRS\/featured"]}]}},"_links":{"self":[{"href":"https:\/\/www.fetagrs.org.br\/index.php?rest_route=\/wp\/v2\/historia\/392","targetHints":{"allow":["GET"]}}],"collection":[{"href":"https:\/\/www.fetagrs.org.br\/index.php?rest_route=\/wp\/v2\/historia"}],"about":[{"href":"https:\/\/www.fetagrs.org.br\/index.php?rest_route=\/wp\/v2\/types\/historia"}],"wp:attachment":[{"href":"https:\/\/www.fetagrs.org.br\/index.php?rest_route=%2Fwp%2Fv2%2Fmedia&parent=392"}],"curies":[{"name":"wp","href":"https:\/\/api.w.org\/{rel}","templated":true}]}}