{"id":390,"date":"2020-11-19T09:22:52","date_gmt":"2020-11-19T12:22:52","guid":{"rendered":"http:\/\/ondawebhost3.com.br\/fetag\/?post_type=historia&#038;p=390"},"modified":"2021-01-08T11:05:48","modified_gmt":"2021-01-08T14:05:48","slug":"1980-a-1992-periodo-de-organizacao-e-mobilizacao","status":"publish","type":"historia","link":"https:\/\/www.fetagrs.org.br\/?historia=1980-a-1992-periodo-de-organizacao-e-mobilizacao","title":{"rendered":"1980 a 1992 \u2013 Per\u00edodo de Organiza\u00e7\u00e3o e Mobiliza\u00e7\u00e3o"},"content":{"rendered":"<p>O movimento sindical passa a organizar manifesta\u00e7\u00f5es de ruas e a\u00e7\u00f5es reivindicat\u00f3rias mais firmes, como o protesto em Frederico Westphalen em dezembro de 1979, que reuniu mais de 10 mil agricultores, levantando, como bandeira central, o problema da assist\u00eancia m\u00e9dico-hospitalar e diverg\u00eancias com o FUNRURAL local.<\/p>\n<p>Tamb\u00e9m \u00e9 nesse per\u00edodo que ocorrem grandes mudan\u00e7as na estrutura sindical, com a cria\u00e7\u00e3o das comiss\u00f5es espec\u00edficas, como Comiss\u00e3o de Pol\u00edtica Agr\u00edcola e Agr\u00e1ria, de Enquadramento Sindical, Legisla\u00e7\u00e3o Trabalhista Rural, Sa\u00fade e Previd\u00eancia. Com o passar do tempo e o surgimento de novas necessidades, outras comiss\u00f5es s\u00e3o criadas, de Assalariados, Comiss\u00e3o de Mulheres e de Jovens e Comiss\u00e3o de Finan\u00e7as e Administra\u00e7\u00e3o.<\/p>\n<p>Essa descentraliza\u00e7\u00e3o de atividades se d\u00e1 tamb\u00e9m no campo da Educa\u00e7\u00e3o, onde as Regionais s\u00e3o incentivadas a contratar educadores com o objetivo de atuar no desenvolvimento de eventos de forma\u00e7\u00e3o e capacita\u00e7\u00e3o, como cursos, semin\u00e1rios e treinamentos.<\/p>\n<p>Nesse per\u00edodo a previd\u00eancia social foi um tema que concentrou muita aten\u00e7\u00e3o do sindicalismo de trabalhadores rurais. Destaque no protesto em fevereiro de 1992, onde 12 mil trabalhadores\/as rurais se reuniram em Porto Alegre, exigindo imediata aplica\u00e7\u00e3o da lei previdenci\u00e1ria (8.213\/91). O ato culminou na ocupa\u00e7\u00e3o do INSS por lideran\u00e7as sindicais que se revesavam semanalmente, permanecendo nas depend\u00eancias do Instituto durante 59 dias.<\/p>\n<p>Dentre as grandes lutas travadas, destaque por melhores pre\u00e7os da uva, do fumo e do leite, como a organiza\u00e7\u00e3o do 1\u00ba Encontro Estadual dos Pequenos Produtores de Leite, em 1992, onde se debateu a viabilidade econ\u00f4mica da propriedade leiteira diante da pol\u00edtica vigente e do MERCOSUL.<\/p>\n<p>Tamb\u00e9m foi um per\u00edodo de muito debate e press\u00e3o pela implanta\u00e7\u00e3o de uma pol\u00edtica agr\u00edcola diferenciada para os pequenos produtores e na luta pela melhoria nos servi\u00e7os da sa\u00fade.<\/p>\n<p>Em 1988 a FETAG realizou o \u201cDia de Alerta\u201d com mais de 50 mil trabalhadores e trabalhadoras rurais, bloqueando ag\u00eancias banc\u00e1rias e rodovias protestando contra os baixos pre\u00e7os dos produtos agr\u00edcolas e pelo fim da corre\u00e7\u00e3o monet\u00e1ria. Logo depois a luta continuou com a \u201cMarcha do Campo\u201d realizando manifesta\u00e7\u00f5es em v\u00e1rios locais p\u00fablicos em Porto Alegre, culminando com um ato p\u00fablico na esquina democr\u00e1tica.<\/p>\n<p>Outra frente de luta aqui no Governo do Estado em 1989, se conseguiu a isen\u00e7\u00e3o da cobran\u00e7a do ICMS sobre o leite e hortifrutigranjeiros e a redu\u00e7\u00e3o das al\u00edquotas de energia el\u00e9trica, combust\u00edveis e insumos agr\u00edcolas.<\/p>\n<p><strong>As Mulheres Trabalhadoras Rurais<\/strong><br \/>\nO marco inicial da participa\u00e7\u00e3o da mulher na vida da Federa\u00e7\u00e3o foi a presen\u00e7a de 13 trabalhadoras rurais no 2\u00ba Encontro Anual de Dirigentes Sindicais, realizado em mar\u00e7o de 1982. Em fins de 1982, 40 mulheres participam da Assembleia de Planejamento da FETAG. J\u00e1 em novembro de 1984 promoveu-se um Encontro Estadual de Lideran\u00e7as das Trabalhadoras Rurais que contou com a participa\u00e7\u00e3o de 98 mulheres.<\/p>\n<p>A partir da\u00ed foram muito intensos o trabalho de mobiliza\u00e7\u00e3o das mulheres, culminando com a cria\u00e7\u00e3o da Comiss\u00e3o Estadual das Trabalhadoras Rurais em 1985. Para destacar a for\u00e7a e a participa\u00e7\u00e3o da mulher na luta sindical, podemos citar o protesto em mar\u00e7o de 1987 em Porto Alegre, onde cerca de 25 mil agricultoras v\u00e3o \u00e0s ruas contra a discrimina\u00e7\u00e3o da mulher na sociedade. E um ato hist\u00f3rico para o MSTTR, que foi no dia 08 de mar\u00e7o de 1989, onde mais de 30 mil mulheres se re\u00fanem exigindo a regulamenta\u00e7\u00e3o dos direitos dos trabalhadores inseridos na Constitui\u00e7\u00e3o.<\/p>\n<p><strong>A Juventude Rural<\/strong><br \/>\nA FETAG come\u00e7a sua vida \u201cpela m\u00e3o\u201d de um jovem ligado \u00e0 Juventude Agr\u00e1ria Cat\u00f3lica (JAC) que foi seu primeiro presidente, e grande parte de suas lideran\u00e7as iniciadas na milit\u00e2ncia nos grupos e organiza\u00e7\u00f5es da juventude.<\/p>\n<p>No final dos anos 70, v\u00e1rios \u201cCursos de Lideran\u00e7a Jovem\u201d foram realizados em diversos munic\u00edpios do Estado, promovidos pela FETAG, com apoio do INCRA\/PIDSIN. Esses cursos trabalhavam basicamente com temas como a estrutura agr\u00e1ria, rela\u00e7\u00f5es humanas, personalidade, sindicalismo e cooperativismo.<br \/>\nIn\u00fameros congressos de jovens ocorreram em diversos munic\u00edpios do Estado, os quais eram marcados por um forte cunho religioso, abordando temas como sindicalismo, o jovem e a religi\u00e3o, cooperativismo, psicologia, cr\u00e9dito rural e ecologia.<\/p>\n<p>No decorrer das lutas e da caminhada a juventude passou a perceber a import\u00e2ncia de ter um representante na diretoria da FETAG, que pudesse representar e construir alternativas para fortalecer o trabalho da juventude rural. Assim em 1991 \u00e9 criada a Comiss\u00e3o Estadual de Jovens Trabalhadores e Trabalhadoras Rurais.<\/p>\n","protected":false},"featured_media":0,"template":"","meta":{"_links_to":"","_links_to_target":""},"class_list":["post-390","historia","type-historia","status-publish","hentry"],"yoast_head":"<!-- This site is optimized with the Yoast SEO plugin v26.8 - https:\/\/yoast.com\/product\/yoast-seo-wordpress\/ -->\n<title>1980 a 1992 \u2013 Per\u00edodo de Organiza\u00e7\u00e3o e Mobiliza\u00e7\u00e3o - FETAG-RS<\/title>\n<meta name=\"robots\" content=\"index, follow, max-snippet:-1, max-image-preview:large, max-video-preview:-1\" \/>\n<link rel=\"canonical\" href=\"https:\/\/www.fetagrs.org.br\/?historia=1980-a-1992-periodo-de-organizacao-e-mobilizacao\" \/>\n<meta property=\"og:locale\" content=\"pt_BR\" \/>\n<meta property=\"og:type\" content=\"article\" \/>\n<meta property=\"og:title\" content=\"1980 a 1992 \u2013 Per\u00edodo de Organiza\u00e7\u00e3o e Mobiliza\u00e7\u00e3o - FETAG-RS\" \/>\n<meta property=\"og:description\" content=\"O movimento sindical passa a organizar manifesta\u00e7\u00f5es de ruas e a\u00e7\u00f5es reivindicat\u00f3rias mais firmes, como o protesto em Frederico Westphalen em dezembro de 1979, que reuniu mais de 10 mil agricultores, levantando, como bandeira central, o problema da assist\u00eancia m\u00e9dico-hospitalar e diverg\u00eancias com o FUNRURAL local. Tamb\u00e9m \u00e9 nesse per\u00edodo que ocorrem grandes mudan\u00e7as na... Leia mais &raquo;\" \/>\n<meta property=\"og:url\" content=\"https:\/\/www.fetagrs.org.br\/?historia=1980-a-1992-periodo-de-organizacao-e-mobilizacao\" \/>\n<meta property=\"og:site_name\" content=\"FETAG-RS\" \/>\n<meta property=\"article:publisher\" content=\"https:\/\/www.facebook.com\/fetagrs\" \/>\n<meta property=\"article:modified_time\" content=\"2021-01-08T14:05:48+00:00\" \/>\n<meta name=\"twitter:card\" content=\"summary_large_image\" \/>\n<script type=\"application\/ld+json\" class=\"yoast-schema-graph\">{\"@context\":\"https:\/\/schema.org\",\"@graph\":[{\"@type\":\"WebPage\",\"@id\":\"https:\/\/www.fetagrs.org.br\/?historia=1980-a-1992-periodo-de-organizacao-e-mobilizacao\",\"url\":\"https:\/\/www.fetagrs.org.br\/?historia=1980-a-1992-periodo-de-organizacao-e-mobilizacao\",\"name\":\"1980 a 1992 \u2013 Per\u00edodo de Organiza\u00e7\u00e3o e Mobiliza\u00e7\u00e3o - FETAG-RS\",\"isPartOf\":{\"@id\":\"https:\/\/www.fetagrs.org.br\/#website\"},\"datePublished\":\"2020-11-19T12:22:52+00:00\",\"dateModified\":\"2021-01-08T14:05:48+00:00\",\"breadcrumb\":{\"@id\":\"https:\/\/www.fetagrs.org.br\/?historia=1980-a-1992-periodo-de-organizacao-e-mobilizacao#breadcrumb\"},\"inLanguage\":\"pt-BR\",\"potentialAction\":[{\"@type\":\"ReadAction\",\"target\":[\"https:\/\/www.fetagrs.org.br\/?historia=1980-a-1992-periodo-de-organizacao-e-mobilizacao\"]}]},{\"@type\":\"BreadcrumbList\",\"@id\":\"https:\/\/www.fetagrs.org.br\/?historia=1980-a-1992-periodo-de-organizacao-e-mobilizacao#breadcrumb\",\"itemListElement\":[{\"@type\":\"ListItem\",\"position\":1,\"name\":\"In\u00edcio\",\"item\":\"https:\/\/www.fetagrs.org.br\/\"},{\"@type\":\"ListItem\",\"position\":2,\"name\":\"1980 a 1992 \u2013 Per\u00edodo de Organiza\u00e7\u00e3o e Mobiliza\u00e7\u00e3o\"}]},{\"@type\":\"WebSite\",\"@id\":\"https:\/\/www.fetagrs.org.br\/#website\",\"url\":\"https:\/\/www.fetagrs.org.br\/\",\"name\":\"FETAG-RS\",\"description\":\"Federa\u00e7\u00e3o dos Trabalhadores na Agricultura no RS\",\"publisher\":{\"@id\":\"https:\/\/www.fetagrs.org.br\/#organization\"},\"potentialAction\":[{\"@type\":\"SearchAction\",\"target\":{\"@type\":\"EntryPoint\",\"urlTemplate\":\"https:\/\/www.fetagrs.org.br\/?s={search_term_string}\"},\"query-input\":{\"@type\":\"PropertyValueSpecification\",\"valueRequired\":true,\"valueName\":\"search_term_string\"}}],\"inLanguage\":\"pt-BR\"},{\"@type\":\"Organization\",\"@id\":\"https:\/\/www.fetagrs.org.br\/#organization\",\"name\":\"Federa\u00e7\u00e3o dos Trabalhadores na Agricultura no Rio Grande do Sul\",\"url\":\"https:\/\/www.fetagrs.org.br\/\",\"logo\":{\"@type\":\"ImageObject\",\"inLanguage\":\"pt-BR\",\"@id\":\"https:\/\/www.fetagrs.org.br\/#\/schema\/logo\/image\/\",\"url\":\"http:\/\/fetagrs.org.br\/wp-content\/uploads\/2020\/12\/FETAG-RS.jpg\",\"contentUrl\":\"http:\/\/fetagrs.org.br\/wp-content\/uploads\/2020\/12\/FETAG-RS.jpg\",\"width\":561,\"height\":598,\"caption\":\"Federa\u00e7\u00e3o dos Trabalhadores na Agricultura no Rio Grande do Sul\"},\"image\":{\"@id\":\"https:\/\/www.fetagrs.org.br\/#\/schema\/logo\/image\/\"},\"sameAs\":[\"https:\/\/www.facebook.com\/fetagrs\",\"https:\/\/www.instagram.com\/fetagrs\/\",\"https:\/\/www.youtube.com\/c\/TVFETAGRS\/featured\"]}]}<\/script>\n<!-- \/ Yoast SEO plugin. -->","yoast_head_json":{"title":"1980 a 1992 \u2013 Per\u00edodo de Organiza\u00e7\u00e3o e Mobiliza\u00e7\u00e3o - FETAG-RS","robots":{"index":"index","follow":"follow","max-snippet":"max-snippet:-1","max-image-preview":"max-image-preview:large","max-video-preview":"max-video-preview:-1"},"canonical":"https:\/\/www.fetagrs.org.br\/?historia=1980-a-1992-periodo-de-organizacao-e-mobilizacao","og_locale":"pt_BR","og_type":"article","og_title":"1980 a 1992 \u2013 Per\u00edodo de Organiza\u00e7\u00e3o e Mobiliza\u00e7\u00e3o - FETAG-RS","og_description":"O movimento sindical passa a organizar manifesta\u00e7\u00f5es de ruas e a\u00e7\u00f5es reivindicat\u00f3rias mais firmes, como o protesto em Frederico Westphalen em dezembro de 1979, que reuniu mais de 10 mil agricultores, levantando, como bandeira central, o problema da assist\u00eancia m\u00e9dico-hospitalar e diverg\u00eancias com o FUNRURAL local. Tamb\u00e9m \u00e9 nesse per\u00edodo que ocorrem grandes mudan\u00e7as na... Leia mais &raquo;","og_url":"https:\/\/www.fetagrs.org.br\/?historia=1980-a-1992-periodo-de-organizacao-e-mobilizacao","og_site_name":"FETAG-RS","article_publisher":"https:\/\/www.facebook.com\/fetagrs","article_modified_time":"2021-01-08T14:05:48+00:00","twitter_card":"summary_large_image","schema":{"@context":"https:\/\/schema.org","@graph":[{"@type":"WebPage","@id":"https:\/\/www.fetagrs.org.br\/?historia=1980-a-1992-periodo-de-organizacao-e-mobilizacao","url":"https:\/\/www.fetagrs.org.br\/?historia=1980-a-1992-periodo-de-organizacao-e-mobilizacao","name":"1980 a 1992 \u2013 Per\u00edodo de Organiza\u00e7\u00e3o e Mobiliza\u00e7\u00e3o - FETAG-RS","isPartOf":{"@id":"https:\/\/www.fetagrs.org.br\/#website"},"datePublished":"2020-11-19T12:22:52+00:00","dateModified":"2021-01-08T14:05:48+00:00","breadcrumb":{"@id":"https:\/\/www.fetagrs.org.br\/?historia=1980-a-1992-periodo-de-organizacao-e-mobilizacao#breadcrumb"},"inLanguage":"pt-BR","potentialAction":[{"@type":"ReadAction","target":["https:\/\/www.fetagrs.org.br\/?historia=1980-a-1992-periodo-de-organizacao-e-mobilizacao"]}]},{"@type":"BreadcrumbList","@id":"https:\/\/www.fetagrs.org.br\/?historia=1980-a-1992-periodo-de-organizacao-e-mobilizacao#breadcrumb","itemListElement":[{"@type":"ListItem","position":1,"name":"In\u00edcio","item":"https:\/\/www.fetagrs.org.br\/"},{"@type":"ListItem","position":2,"name":"1980 a 1992 \u2013 Per\u00edodo de Organiza\u00e7\u00e3o e Mobiliza\u00e7\u00e3o"}]},{"@type":"WebSite","@id":"https:\/\/www.fetagrs.org.br\/#website","url":"https:\/\/www.fetagrs.org.br\/","name":"FETAG-RS","description":"Federa\u00e7\u00e3o dos Trabalhadores na Agricultura no RS","publisher":{"@id":"https:\/\/www.fetagrs.org.br\/#organization"},"potentialAction":[{"@type":"SearchAction","target":{"@type":"EntryPoint","urlTemplate":"https:\/\/www.fetagrs.org.br\/?s={search_term_string}"},"query-input":{"@type":"PropertyValueSpecification","valueRequired":true,"valueName":"search_term_string"}}],"inLanguage":"pt-BR"},{"@type":"Organization","@id":"https:\/\/www.fetagrs.org.br\/#organization","name":"Federa\u00e7\u00e3o dos Trabalhadores na Agricultura no Rio Grande do Sul","url":"https:\/\/www.fetagrs.org.br\/","logo":{"@type":"ImageObject","inLanguage":"pt-BR","@id":"https:\/\/www.fetagrs.org.br\/#\/schema\/logo\/image\/","url":"http:\/\/fetagrs.org.br\/wp-content\/uploads\/2020\/12\/FETAG-RS.jpg","contentUrl":"http:\/\/fetagrs.org.br\/wp-content\/uploads\/2020\/12\/FETAG-RS.jpg","width":561,"height":598,"caption":"Federa\u00e7\u00e3o dos Trabalhadores na Agricultura no Rio Grande do Sul"},"image":{"@id":"https:\/\/www.fetagrs.org.br\/#\/schema\/logo\/image\/"},"sameAs":["https:\/\/www.facebook.com\/fetagrs","https:\/\/www.instagram.com\/fetagrs\/","https:\/\/www.youtube.com\/c\/TVFETAGRS\/featured"]}]}},"_links":{"self":[{"href":"https:\/\/www.fetagrs.org.br\/index.php?rest_route=\/wp\/v2\/historia\/390","targetHints":{"allow":["GET"]}}],"collection":[{"href":"https:\/\/www.fetagrs.org.br\/index.php?rest_route=\/wp\/v2\/historia"}],"about":[{"href":"https:\/\/www.fetagrs.org.br\/index.php?rest_route=\/wp\/v2\/types\/historia"}],"wp:attachment":[{"href":"https:\/\/www.fetagrs.org.br\/index.php?rest_route=%2Fwp%2Fv2%2Fmedia&parent=390"}],"curies":[{"name":"wp","href":"https:\/\/api.w.org\/{rel}","templated":true}]}}