{"id":389,"date":"2020-11-20T09:21:42","date_gmt":"2020-11-20T12:21:42","guid":{"rendered":"http:\/\/ondawebhost3.com.br\/fetag\/?post_type=historia&#038;p=389"},"modified":"2021-01-08T11:07:15","modified_gmt":"2021-01-08T14:07:15","slug":"periodo-de-consolidacao-da-estrutura-1970-a-1979","status":"publish","type":"historia","link":"https:\/\/www.fetagrs.org.br\/?historia=periodo-de-consolidacao-da-estrutura-1970-a-1979","title":{"rendered":"Per\u00edodo de Consolida\u00e7\u00e3o da Estrutura: 1970 a 1979"},"content":{"rendered":"<p>O sindicalismo passou a prestar servi\u00e7os no campo da previd\u00eancia social, o que propiciou um crescimento do n\u00famero de associados e permitiu a estrutura\u00e7\u00e3o patrimonial dos sindicatos e FETAG.<\/p>\n<p>Em 1972 foi firmado um conv\u00eanio com a Secretaria Estadual de Agricultura para contrata\u00e7\u00e3o de 104 t\u00e9cnicos agr\u00edcolas para atuar junto aos sindicatos nos munic\u00edpios que n\u00e3o possu\u00edam extens\u00e3o rural.<br \/>\nEste per\u00edodo \u00e9 caracterizado, tamb\u00e9m, pelo mais absoluto controle da vida sindical, exercido pelo Minist\u00e9rio do Trabalho. Controlava o emprego dos recursos via imposto sindical, os quais deviam ser aplicados em fins pr\u00e9-determinados pelo Governo, controlando via legisla\u00e7\u00e3o e impondo o estatuto padr\u00e3o.<\/p>\n<p>Um dos meios importantes de comunica\u00e7\u00e3o da FETAG com os Sindicatos e a base, na d\u00e9cada de 70, foi a \u201cRevista Rural TATU\u201d, peri\u00f3dico mensal mantido pela Empresa Jornal\u00edstica Sul em Revista LTDA, que veiculava informativos da FETAG. Esta revista era distribu\u00edda em todo Estado, com apoio da estrutura dos Sindicatos.<\/p>\n<p><strong>Sindicalismo e a Previd\u00eancia Social Rural<\/strong>Os Sindicatos dos Trabalhadores Rurais, especialmente a partir da d\u00e9cada de 70, passaram a receber incentivo, por parte do Governo, para desempenhar tarefas como atendimento m\u00e9dico e odontol\u00f3gico e no encaminhamento de aposentadoria.<\/p>\n<p><strong>As Regionais Sindicais e a Educa\u00e7\u00e3o<\/strong><br \/>\nEm 1975 o Estado foi dividido em nove(9) regi\u00f5es e dezessete (17) sub-regi\u00f5es, de acordo com as \u201cculturas, m\u00e3o-de-obra, popula\u00e7\u00e3o rural, uso da terra, h\u00e1bitos e origem comuns\u201d. Essas sub-regi\u00f5es serviram de base para a cria\u00e7\u00e3o das regionais sindicais, onde cada regional possu\u00eda dois ou tr\u00eas coordenadores que eram os respons\u00e1veis para receber e buscar informa\u00e7\u00f5es junto \u00e0 FETAG e repass\u00e1-las aos demais sindicatos.<br \/>\nA cria\u00e7\u00e3o das Regionais Sindicais veio dinamizar as rela\u00e7\u00f5es dentro da estrutura da FETAG, e marcou, tamb\u00e9m, a reestrutura\u00e7\u00e3o do Departamento de Educa\u00e7\u00e3o que havia sido criado em 1968. A partir de 1974 o Departamento se afirma com sua primeira atividade \u2013 realiza\u00e7\u00e3o da \u201cSemanas de Promo\u00e7\u00e3o do Trabalhador Rural\u201d em colabora\u00e7\u00e3o com a ASCAR, STAS e Secretaria de Agricultura do Estado.<br \/>\nAos poucos com a implanta\u00e7\u00e3o das regionais, os cursos ficaram mais definidos, sendo os principais: Cursos de Administra\u00e7\u00e3o Sindical; Curso para Funcion\u00e1rios; Cursos de Lideran\u00e7as Sindicais, Semanas de Promo\u00e7\u00e3o do Trabalhador Rural; Cursos de Cooperativismo; Congressos de Jovens e Encontros de Coordenadores Regionais.<\/p>\n<p><strong>Algumas lutas travadas e fatos marcantes<\/strong><br \/>\n&#8211; Nesse per\u00edodo tivemos a realiza\u00e7\u00e3o de 3 Congressos Estaduais, sendo o V Congresso em 1971, o VI Congresso em 1973 e o VII Congresso em 1976.<br \/>\n&#8211; A crise da suinocultura, em fun\u00e7\u00e3o dos baixos pre\u00e7os<br \/>\n&#8211; A defesa dos moinhos coloniais de trigo<br \/>\n&#8211; Participa\u00e7\u00e3o nas Confer\u00eancias da soja<br \/>\n&#8211; As bolsas de estudo para filhos de sindicalizados, repassadas via conv\u00eanio com o Minist\u00e9rio do Trabalho e Previd\u00eancia Social.<br \/>\n&#8211; Em 1969 foi firmado um conv\u00eanio com os Institutos de Educa\u00e7\u00e3o de Bom Princ\u00edpio, Nova Prata e Tapera, administrados pela FAG, destinados a ministrar cursos a jovens agricultores.<br \/>\n&#8211; 1972 o primeiro trabalhador rural \u00e9 beneficiado pelo conquista da aposentadoria rural, recebendo meio sal\u00e1rio m\u00ednimo.<\/p>\n<p>&nbsp;<\/p>\n","protected":false},"featured_media":0,"template":"","meta":{"_links_to":"","_links_to_target":""},"class_list":["post-389","historia","type-historia","status-publish","hentry"],"yoast_head":"<!-- This site is optimized with the Yoast SEO plugin v26.8 - https:\/\/yoast.com\/product\/yoast-seo-wordpress\/ -->\n<title>Per\u00edodo de Consolida\u00e7\u00e3o da Estrutura: 1970 a 1979 - FETAG-RS<\/title>\n<meta name=\"robots\" content=\"index, follow, max-snippet:-1, max-image-preview:large, max-video-preview:-1\" \/>\n<link rel=\"canonical\" href=\"https:\/\/www.fetagrs.org.br\/?historia=periodo-de-consolidacao-da-estrutura-1970-a-1979\" \/>\n<meta property=\"og:locale\" content=\"pt_BR\" \/>\n<meta property=\"og:type\" content=\"article\" \/>\n<meta property=\"og:title\" content=\"Per\u00edodo de Consolida\u00e7\u00e3o da Estrutura: 1970 a 1979 - FETAG-RS\" \/>\n<meta property=\"og:description\" content=\"O sindicalismo passou a prestar servi\u00e7os no campo da previd\u00eancia social, o que propiciou um crescimento do n\u00famero de associados e permitiu a estrutura\u00e7\u00e3o patrimonial dos sindicatos e FETAG. Em 1972 foi firmado um conv\u00eanio com a Secretaria Estadual de Agricultura para contrata\u00e7\u00e3o de 104 t\u00e9cnicos agr\u00edcolas para atuar junto aos sindicatos nos munic\u00edpios que... Leia mais &raquo;\" \/>\n<meta property=\"og:url\" content=\"https:\/\/www.fetagrs.org.br\/?historia=periodo-de-consolidacao-da-estrutura-1970-a-1979\" \/>\n<meta property=\"og:site_name\" content=\"FETAG-RS\" \/>\n<meta property=\"article:publisher\" content=\"https:\/\/www.facebook.com\/fetagrs\" \/>\n<meta property=\"article:modified_time\" content=\"2021-01-08T14:07:15+00:00\" \/>\n<meta name=\"twitter:card\" content=\"summary_large_image\" \/>\n<script type=\"application\/ld+json\" class=\"yoast-schema-graph\">{\"@context\":\"https:\/\/schema.org\",\"@graph\":[{\"@type\":\"WebPage\",\"@id\":\"https:\/\/www.fetagrs.org.br\/?historia=periodo-de-consolidacao-da-estrutura-1970-a-1979\",\"url\":\"https:\/\/www.fetagrs.org.br\/?historia=periodo-de-consolidacao-da-estrutura-1970-a-1979\",\"name\":\"Per\u00edodo de Consolida\u00e7\u00e3o da Estrutura: 1970 a 1979 - FETAG-RS\",\"isPartOf\":{\"@id\":\"https:\/\/www.fetagrs.org.br\/#website\"},\"datePublished\":\"2020-11-20T12:21:42+00:00\",\"dateModified\":\"2021-01-08T14:07:15+00:00\",\"breadcrumb\":{\"@id\":\"https:\/\/www.fetagrs.org.br\/?historia=periodo-de-consolidacao-da-estrutura-1970-a-1979#breadcrumb\"},\"inLanguage\":\"pt-BR\",\"potentialAction\":[{\"@type\":\"ReadAction\",\"target\":[\"https:\/\/www.fetagrs.org.br\/?historia=periodo-de-consolidacao-da-estrutura-1970-a-1979\"]}]},{\"@type\":\"BreadcrumbList\",\"@id\":\"https:\/\/www.fetagrs.org.br\/?historia=periodo-de-consolidacao-da-estrutura-1970-a-1979#breadcrumb\",\"itemListElement\":[{\"@type\":\"ListItem\",\"position\":1,\"name\":\"In\u00edcio\",\"item\":\"https:\/\/www.fetagrs.org.br\/\"},{\"@type\":\"ListItem\",\"position\":2,\"name\":\"Per\u00edodo de Consolida\u00e7\u00e3o da Estrutura: 1970 a 1979\"}]},{\"@type\":\"WebSite\",\"@id\":\"https:\/\/www.fetagrs.org.br\/#website\",\"url\":\"https:\/\/www.fetagrs.org.br\/\",\"name\":\"FETAG-RS\",\"description\":\"Federa\u00e7\u00e3o dos Trabalhadores na Agricultura no RS\",\"publisher\":{\"@id\":\"https:\/\/www.fetagrs.org.br\/#organization\"},\"potentialAction\":[{\"@type\":\"SearchAction\",\"target\":{\"@type\":\"EntryPoint\",\"urlTemplate\":\"https:\/\/www.fetagrs.org.br\/?s={search_term_string}\"},\"query-input\":{\"@type\":\"PropertyValueSpecification\",\"valueRequired\":true,\"valueName\":\"search_term_string\"}}],\"inLanguage\":\"pt-BR\"},{\"@type\":\"Organization\",\"@id\":\"https:\/\/www.fetagrs.org.br\/#organization\",\"name\":\"Federa\u00e7\u00e3o dos Trabalhadores na Agricultura no Rio Grande do Sul\",\"url\":\"https:\/\/www.fetagrs.org.br\/\",\"logo\":{\"@type\":\"ImageObject\",\"inLanguage\":\"pt-BR\",\"@id\":\"https:\/\/www.fetagrs.org.br\/#\/schema\/logo\/image\/\",\"url\":\"http:\/\/fetagrs.org.br\/wp-content\/uploads\/2020\/12\/FETAG-RS.jpg\",\"contentUrl\":\"http:\/\/fetagrs.org.br\/wp-content\/uploads\/2020\/12\/FETAG-RS.jpg\",\"width\":561,\"height\":598,\"caption\":\"Federa\u00e7\u00e3o dos Trabalhadores na Agricultura no Rio Grande do Sul\"},\"image\":{\"@id\":\"https:\/\/www.fetagrs.org.br\/#\/schema\/logo\/image\/\"},\"sameAs\":[\"https:\/\/www.facebook.com\/fetagrs\",\"https:\/\/www.instagram.com\/fetagrs\/\",\"https:\/\/www.youtube.com\/c\/TVFETAGRS\/featured\"]}]}<\/script>\n<!-- \/ Yoast SEO plugin. -->","yoast_head_json":{"title":"Per\u00edodo de Consolida\u00e7\u00e3o da Estrutura: 1970 a 1979 - FETAG-RS","robots":{"index":"index","follow":"follow","max-snippet":"max-snippet:-1","max-image-preview":"max-image-preview:large","max-video-preview":"max-video-preview:-1"},"canonical":"https:\/\/www.fetagrs.org.br\/?historia=periodo-de-consolidacao-da-estrutura-1970-a-1979","og_locale":"pt_BR","og_type":"article","og_title":"Per\u00edodo de Consolida\u00e7\u00e3o da Estrutura: 1970 a 1979 - FETAG-RS","og_description":"O sindicalismo passou a prestar servi\u00e7os no campo da previd\u00eancia social, o que propiciou um crescimento do n\u00famero de associados e permitiu a estrutura\u00e7\u00e3o patrimonial dos sindicatos e FETAG. Em 1972 foi firmado um conv\u00eanio com a Secretaria Estadual de Agricultura para contrata\u00e7\u00e3o de 104 t\u00e9cnicos agr\u00edcolas para atuar junto aos sindicatos nos munic\u00edpios que... Leia mais &raquo;","og_url":"https:\/\/www.fetagrs.org.br\/?historia=periodo-de-consolidacao-da-estrutura-1970-a-1979","og_site_name":"FETAG-RS","article_publisher":"https:\/\/www.facebook.com\/fetagrs","article_modified_time":"2021-01-08T14:07:15+00:00","twitter_card":"summary_large_image","schema":{"@context":"https:\/\/schema.org","@graph":[{"@type":"WebPage","@id":"https:\/\/www.fetagrs.org.br\/?historia=periodo-de-consolidacao-da-estrutura-1970-a-1979","url":"https:\/\/www.fetagrs.org.br\/?historia=periodo-de-consolidacao-da-estrutura-1970-a-1979","name":"Per\u00edodo de Consolida\u00e7\u00e3o da Estrutura: 1970 a 1979 - FETAG-RS","isPartOf":{"@id":"https:\/\/www.fetagrs.org.br\/#website"},"datePublished":"2020-11-20T12:21:42+00:00","dateModified":"2021-01-08T14:07:15+00:00","breadcrumb":{"@id":"https:\/\/www.fetagrs.org.br\/?historia=periodo-de-consolidacao-da-estrutura-1970-a-1979#breadcrumb"},"inLanguage":"pt-BR","potentialAction":[{"@type":"ReadAction","target":["https:\/\/www.fetagrs.org.br\/?historia=periodo-de-consolidacao-da-estrutura-1970-a-1979"]}]},{"@type":"BreadcrumbList","@id":"https:\/\/www.fetagrs.org.br\/?historia=periodo-de-consolidacao-da-estrutura-1970-a-1979#breadcrumb","itemListElement":[{"@type":"ListItem","position":1,"name":"In\u00edcio","item":"https:\/\/www.fetagrs.org.br\/"},{"@type":"ListItem","position":2,"name":"Per\u00edodo de Consolida\u00e7\u00e3o da Estrutura: 1970 a 1979"}]},{"@type":"WebSite","@id":"https:\/\/www.fetagrs.org.br\/#website","url":"https:\/\/www.fetagrs.org.br\/","name":"FETAG-RS","description":"Federa\u00e7\u00e3o dos Trabalhadores na Agricultura no RS","publisher":{"@id":"https:\/\/www.fetagrs.org.br\/#organization"},"potentialAction":[{"@type":"SearchAction","target":{"@type":"EntryPoint","urlTemplate":"https:\/\/www.fetagrs.org.br\/?s={search_term_string}"},"query-input":{"@type":"PropertyValueSpecification","valueRequired":true,"valueName":"search_term_string"}}],"inLanguage":"pt-BR"},{"@type":"Organization","@id":"https:\/\/www.fetagrs.org.br\/#organization","name":"Federa\u00e7\u00e3o dos Trabalhadores na Agricultura no Rio Grande do Sul","url":"https:\/\/www.fetagrs.org.br\/","logo":{"@type":"ImageObject","inLanguage":"pt-BR","@id":"https:\/\/www.fetagrs.org.br\/#\/schema\/logo\/image\/","url":"http:\/\/fetagrs.org.br\/wp-content\/uploads\/2020\/12\/FETAG-RS.jpg","contentUrl":"http:\/\/fetagrs.org.br\/wp-content\/uploads\/2020\/12\/FETAG-RS.jpg","width":561,"height":598,"caption":"Federa\u00e7\u00e3o dos Trabalhadores na Agricultura no Rio Grande do Sul"},"image":{"@id":"https:\/\/www.fetagrs.org.br\/#\/schema\/logo\/image\/"},"sameAs":["https:\/\/www.facebook.com\/fetagrs","https:\/\/www.instagram.com\/fetagrs\/","https:\/\/www.youtube.com\/c\/TVFETAGRS\/featured"]}]}},"_links":{"self":[{"href":"https:\/\/www.fetagrs.org.br\/index.php?rest_route=\/wp\/v2\/historia\/389","targetHints":{"allow":["GET"]}}],"collection":[{"href":"https:\/\/www.fetagrs.org.br\/index.php?rest_route=\/wp\/v2\/historia"}],"about":[{"href":"https:\/\/www.fetagrs.org.br\/index.php?rest_route=\/wp\/v2\/types\/historia"}],"wp:attachment":[{"href":"https:\/\/www.fetagrs.org.br\/index.php?rest_route=%2Fwp%2Fv2%2Fmedia&parent=389"}],"curies":[{"name":"wp","href":"https:\/\/api.w.org\/{rel}","templated":true}]}}